{"version":"1.0","provider_name":"Igreja de Deus Sociedade Mission\u00e1ria Mundial","provider_url":"https:\/\/watv.org\/pt\/","author_name":"ss","author_url":"https:\/\/watv.org\/pt\/author\/kennethwat\/","title":"\u200bO Culto Comemorativo do Dia da Ascens\u00e3o e a Santa Convoca\u00e7\u00e3o do Dia de Pentecostes 2022\u200b - Igreja de Deus Sociedade Mission\u00e1ria Mundial","type":"rich","width":600,"height":338,"html":"<blockquote class=\"wp-embedded-content\" data-secret=\"bx942WDSrs\"><a href=\"https:\/\/watv.org\/pt\/ascension-day-and-pentecost-2022\/\">\u200bO Culto Comemorativo do Dia da Ascens\u00e3o e a Santa Convoca\u00e7\u00e3o do Dia de Pentecostes 2022\u200b<\/a><\/blockquote><iframe sandbox=\"allow-scripts\" security=\"restricted\" src=\"https:\/\/watv.org\/pt\/ascension-day-and-pentecost-2022\/embed\/#?secret=bx942WDSrs\" width=\"600\" height=\"338\" title=\"&#8220;\u200bO Culto Comemorativo do Dia da Ascens\u00e3o e a Santa Convoca\u00e7\u00e3o do Dia de Pentecostes 2022\u200b&#8221; &#8212; Igreja de Deus Sociedade Mission\u00e1ria Mundial\" data-secret=\"bx942WDSrs\" frameborder=\"0\" marginwidth=\"0\" marginheight=\"0\" scrolling=\"no\" class=\"wp-embedded-content\"><\/iframe><script type=\"text\/javascript\">\n\/* <![CDATA[ *\/\n\/*! This file is auto-generated *\/\n!function(d,l){\"use strict\";l.querySelector&&d.addEventListener&&\"undefined\"!=typeof URL&&(d.wp=d.wp||{},d.wp.receiveEmbedMessage||(d.wp.receiveEmbedMessage=function(e){var t=e.data;if((t||t.secret||t.message||t.value)&&!\/[^a-zA-Z0-9]\/.test(t.secret)){for(var s,r,n,a=l.querySelectorAll('iframe[data-secret=\"'+t.secret+'\"]'),o=l.querySelectorAll('blockquote[data-secret=\"'+t.secret+'\"]'),c=new RegExp(\"^https?:$\",\"i\"),i=0;i<o.length;i++)o[i].style.display=\"none\";for(i=0;i<a.length;i++)s=a[i],e.source===s.contentWindow&&(s.removeAttribute(\"style\"),\"height\"===t.message?(1e3<(r=parseInt(t.value,10))?r=1e3:~~r<200&&(r=200),s.height=r):\"link\"===t.message&&(r=new URL(s.getAttribute(\"src\")),n=new URL(t.value),c.test(n.protocol))&&n.host===r.host&&l.activeElement===s&&(d.top.location.href=t.value))}},d.addEventListener(\"message\",d.wp.receiveEmbedMessage,!1),l.addEventListener(\"DOMContentLoaded\",function(){for(var e,t,s=l.querySelectorAll(\"iframe.wp-embedded-content\"),r=0;r<s.length;r++)(t=(e=s[r]).getAttribute(\"data-secret\"))||(t=Math.random().toString(36).substring(2,12),e.src+=\"#?secret=\"+t,e.setAttribute(\"data-secret\",t)),e.contentWindow.postMessage({message:\"ready\",secret:t},\"*\")},!1)))}(window,document);\n\/\/# sourceURL=https:\/\/watv.org\/wp-includes\/js\/wp-embed.min.js\n\/* ]]> *\/\n<\/script>\n","thumbnail_url":"https:\/\/watv.org\/wp-content\/uploads\/2022\/08\/news_220605_02@2x.jpg","thumbnail_width":2400,"thumbnail_height":1600,"description":"Os membros da igreja primitiva, que tinham testemunhado a ressurrei\u00e7\u00e3o e ascens\u00e3o de Jesus, entregaram a verdade da vida e a esperan\u00e7a da salva\u00e7\u00e3o para todas as pessoas, estando completamente comovidos e preenchidos com o Esp\u00edrito Santo no Dia de Pentecostes. O livro de Atos registra que em um s\u00f3 dia tr\u00eas mil a cinco..."}