{"version":"1.0","provider_name":"Igreja de Deus Sociedade Mission\u00e1ria Mundial","provider_url":"https:\/\/watv.org\/pt\/","author_name":"hj","author_url":"https:\/\/watv.org\/pt\/author\/wat-wowdd\/","title":"Feridas: N\u00e3o causar e n\u00e3o receber - Amor da Fam\u00edlia e Comunica\u00e7\u00e3o","type":"rich","width":600,"height":338,"html":"<blockquote class=\"wp-embedded-content\" data-secret=\"OQfT6wcbat\"><a href=\"https:\/\/watv.org\/pt\/faith_life\/nor-be-hurt\/\">Feridas: N\u00e3o causar e n\u00e3o receber<\/a><\/blockquote><iframe sandbox=\"allow-scripts\" security=\"restricted\" src=\"https:\/\/watv.org\/pt\/faith_life\/nor-be-hurt\/embed\/#?secret=OQfT6wcbat\" width=\"600\" height=\"338\" title=\"&#8220;Feridas: N\u00e3o causar e n\u00e3o receber&#8221; &#8212; Igreja de Deus Sociedade Mission\u00e1ria Mundial\" data-secret=\"OQfT6wcbat\" frameborder=\"0\" marginwidth=\"0\" marginheight=\"0\" scrolling=\"no\" class=\"wp-embedded-content\"><\/iframe><script type=\"text\/javascript\">\n\/* <![CDATA[ *\/\n\/*! This file is auto-generated *\/\n!function(d,l){\"use strict\";l.querySelector&&d.addEventListener&&\"undefined\"!=typeof URL&&(d.wp=d.wp||{},d.wp.receiveEmbedMessage||(d.wp.receiveEmbedMessage=function(e){var t=e.data;if((t||t.secret||t.message||t.value)&&!\/[^a-zA-Z0-9]\/.test(t.secret)){for(var s,r,n,a=l.querySelectorAll('iframe[data-secret=\"'+t.secret+'\"]'),o=l.querySelectorAll('blockquote[data-secret=\"'+t.secret+'\"]'),c=new RegExp(\"^https?:$\",\"i\"),i=0;i<o.length;i++)o[i].style.display=\"none\";for(i=0;i<a.length;i++)s=a[i],e.source===s.contentWindow&&(s.removeAttribute(\"style\"),\"height\"===t.message?(1e3<(r=parseInt(t.value,10))?r=1e3:~~r<200&&(r=200),s.height=r):\"link\"===t.message&&(r=new URL(s.getAttribute(\"src\")),n=new URL(t.value),c.test(n.protocol))&&n.host===r.host&&l.activeElement===s&&(d.top.location.href=t.value))}},d.addEventListener(\"message\",d.wp.receiveEmbedMessage,!1),l.addEventListener(\"DOMContentLoaded\",function(){for(var e,t,s=l.querySelectorAll(\"iframe.wp-embedded-content\"),r=0;r<s.length;r++)(t=(e=s[r]).getAttribute(\"data-secret\"))||(t=Math.random().toString(36).substring(2,12),e.src+=\"#?secret=\"+t,e.setAttribute(\"data-secret\",t)),e.contentWindow.postMessage({message:\"ready\",secret:t},\"*\")},!1)))}(window,document);\n\/\/# sourceURL=https:\/\/watv.org\/wp-includes\/js\/wp-embed.min.js\n\/* ]]> *\/\n<\/script>\n","thumbnail_url":"https:\/\/watv.org\/wp-content\/uploads\/2022\/02\/nor-be-hurt-0.jpg","thumbnail_width":1500,"thumbnail_height":1000,"description":"Chamamos de \u201cferida\u201d o local onde o corpo se machuca ou apresenta marcas de algum dano. Mas tamb\u00e9m usamos essa palavra para nos referirmos \u00e0s dores que surgem no cora\u00e7\u00e3o. Diferente das feridas no corpo, as feridas emocionais n\u00e3o s\u00e3o vis\u00edveis, e por isso \u00e9 f\u00e1cil ignor\u00e1-las. Feridas f\u00edsicas podem ser tratadas com rem\u00e9dios, mas..."}